{"id":25,"date":"2022-07-15T12:45:07","date_gmt":"2022-07-15T10:45:07","guid":{"rendered":"https:\/\/aula-testing.ch\/?page_id=25"},"modified":"2026-01-13T11:49:32","modified_gmt":"2026-01-13T10:49:32","slug":"die-teams","status":"publish","type":"page","link":"https:\/\/aula-jugendlager.ch\/main\/fr\/die-teams\/","title":{"rendered":"Teams"},"content":{"rendered":"<div id=\"smb-69f4caa4316f9\" class=\"smb-container\" style=\"--smb-accent-color: #e2e8f0; --smb-button-bg: #e1e8f08c; --smb-button-text: #000000; --smb-modal-bg: #ffffff; --smb-modal-title: #c7c7c7;\">\n        \n                    <a href=\"https:\/\/aula-jugendlager.ch\/main\/fr\/anmeldung\/stand\/\" \n               target=\"_self\"\n               class=\"smb-button smb-button-trigger\">\n                \u00c9tat des inscriptions                <span class=\"smb-arrow\">\u2192<\/span>\n            <\/a>\n                \n    <\/div>\n    \n\n    <div class=\"atr-team-block atr-image-left atr-card-elevated atr-progress-modern atr-animated\" style=\"--primary-color: #e2e8f0; --secondary-color: #e1e8f08c; --accent-color: #01f8b2; --progress: 0%;\">\n        <div class=\"atr-card\">\n                        <div class=\"atr-image-container\">\n                <img decoding=\"async\" src=\"https:\/\/aula-jugendlager.ch\/main\/wp-content\/uploads\/sites\/8\/2025\/06\/IMG_1082-scaled.jpeg\" \n                     alt=\"Team Dunant\"\n                     class=\"atr-team-image\">\n                            <\/div>\n                        \n            <div class=\"atr-content\">\n                <div class=\"atr-header\">\n                    <h3 class=\"atr-title\">Team Dunant<\/h3>\n                                        <p class=\"atr-subtitle\">First Aid niveau 1 IVR (cours de premiers secours*) R\u00e9animation (BLS-AED-SRC) D\u00e9mo h\u00e9licopt\u00e8re de l'arm\u00e9e Sport et exercices divers...<\/p>\n                                    <\/div>\n                \n                                \n                                \n                                \n                                <div class=\"atr-actions\">\n                    <a href=\"https:\/\/aula-jugendlager.ch\/main\/fr\/team-dunant\/\" \n                       class=\"atr-button atr-button-primary\"\n                       >\n                        Informations compl\u00e9mentaires                        <svg class=\"atr-button-icon\" width=\"16\" height=\"16\" viewbox=\"0 0 16 16\" fill=\"none\">\n                            <path d=\"M6 12L10 8L6 4\" stroke=\"currentColor\" stroke-width=\"2\" stroke-linecap=\"round\" stroke-linejoin=\"round\"\/>\n                        <\/svg>\n                    <\/a>\n                <\/div>\n                            <\/div>\n        <\/div>\n    <\/div>\n    \n\n    <div class=\"atr-team-block atr-image-left atr-card-elevated atr-progress-modern atr-animated\" style=\"--primary-color: #e2e8f0; --secondary-color: #e1e8f08c; --accent-color: #3159d1; --progress: 0%;\">\n        <div class=\"atr-card\">\n                        <div class=\"atr-image-container\">\n                <img decoding=\"async\" src=\"https:\/\/aula-jugendlager.ch\/main\/wp-content\/uploads\/sites\/8\/2025\/06\/IMG_3135-scaled.jpg\" \n                     alt=\"Team M\u00f6ckli\"\n                     class=\"atr-team-image\">\n                            <\/div>\n                        \n            <div class=\"atr-content\">\n                <div class=\"atr-header\">\n                    <h3 class=\"atr-title\">Team M\u00f6ckli<\/h3>\n                                        <p class=\"atr-subtitle\">First Aid niveau 2 IVR R\u00e9animation (BLS-AED-SRC) D\u00e9mo H\u00e9licopt\u00e8re de l'arm\u00e9e Sport et exercices divers...<\/p>\n                                    <\/div>\n                \n                                \n                                \n                                \n                                <div class=\"atr-actions\">\n                    <a href=\"https:\/\/aula-jugendlager.ch\/main\/fr\/team-moeckli\/\" \n                       class=\"atr-button atr-button-secondary\"\n                       >\n                        Informations compl\u00e9mentaires                        <svg class=\"atr-button-icon\" width=\"16\" height=\"16\" viewbox=\"0 0 16 16\" fill=\"none\">\n                            <path d=\"M6 12L10 8L6 4\" stroke=\"currentColor\" stroke-width=\"2\" stroke-linecap=\"round\" stroke-linejoin=\"round\"\/>\n                        <\/svg>\n                    <\/a>\n                <\/div>\n                            <\/div>\n        <\/div>\n    <\/div>\n    \n\n    <div class=\"atr-team-block atr-image-left atr-card-elevated atr-progress-modern atr-animated\" style=\"--primary-color: #e2e8f0; --secondary-color: #e1e8f08c; --accent-color: #b9e036; --progress: 0%;\">\n        <div class=\"atr-card\">\n                        <div class=\"atr-image-container\">\n                <img decoding=\"async\" src=\"https:\/\/aula-jugendlager.ch\/main\/wp-content\/uploads\/sites\/8\/2025\/06\/IMG_9752-scaled.jpg\" \n                     alt=\"Team Huber-Hotz\"\n                     class=\"atr-team-image\">\n                            <\/div>\n                        \n            <div class=\"atr-content\">\n                <div class=\"atr-header\">\n                    <h3 class=\"atr-title\">Team Huber-Hotz<\/h3>\n                                        <p class=\"atr-subtitle\">Premiers secours niveau 3 IVR* Formation de base en soins infirmiers Examen final niveau 3 Sport et exercices divers...<\/p>\n                                    <\/div>\n                \n                                \n                                \n                                \n                                <div class=\"atr-actions\">\n                    <a href=\"https:\/\/aula-jugendlager.ch\/main\/fr\/team-huber-hotz\/\" \n                       class=\"atr-button atr-button-primary\"\n                       >\n                        Informations compl\u00e9mentaires                        <svg class=\"atr-button-icon\" width=\"16\" height=\"16\" viewbox=\"0 0 16 16\" fill=\"none\">\n                            <path d=\"M6 12L10 8L6 4\" stroke=\"currentColor\" stroke-width=\"2\" stroke-linecap=\"round\" stroke-linejoin=\"round\"\/>\n                        <\/svg>\n                    <\/a>\n                <\/div>\n                            <\/div>\n        <\/div>\n    <\/div>\n    \n\n    <div class=\"atr-team-block atr-image-left atr-card-elevated atr-progress-modern atr-animated\" style=\"--primary-color: #e2e8f0; --secondary-color: #e1e8f08c; --accent-color: #8a32a7; --progress: 0%;\">\n        <div class=\"atr-card\">\n                        <div class=\"atr-image-container\">\n                <img decoding=\"async\" src=\"https:\/\/aula-jugendlager.ch\/main\/wp-content\/uploads\/sites\/8\/2025\/06\/IMG_9088-scaled.jpeg\" \n                     alt=\"Team Guisan\"\n                     class=\"atr-team-image\">\n                            <\/div>\n                        \n            <div class=\"atr-content\">\n                <div class=\"atr-header\">\n                    <h3 class=\"atr-title\">Team Guisan<\/h3>\n                                        <p class=\"atr-subtitle\">Team Guisan propose les niveaux de premiers secours 1 \u00e0 3 IVR, y compris la r\u00e9animation et les soins infirmiers, conform\u00e9ment aux directives ASTRA. Ces formations sont dispens\u00e9es en fran\u00e7ais et conviennent aux participants des niveaux 1 \u00e0 3.<\/p>\n                                    <\/div>\n                \n                                \n                                \n                                \n                                <div class=\"atr-actions\">\n                    <a href=\"https:\/\/aula-jugendlager.ch\/main\/fr\/team-guisan\/\" \n                       class=\"atr-button atr-button-primary\"\n                       >\n                        Informations compl\u00e9mentaires                        <svg class=\"atr-button-icon\" width=\"16\" height=\"16\" viewbox=\"0 0 16 16\" fill=\"none\">\n                            <path d=\"M6 12L10 8L6 4\" stroke=\"currentColor\" stroke-width=\"2\" stroke-linecap=\"round\" stroke-linejoin=\"round\"\/>\n                        <\/svg>\n                    <\/a>\n                <\/div>\n                            <\/div>\n        <\/div>\n    <\/div>\n    \n\n    <div class=\"atr-team-block atr-image-left atr-card-elevated atr-progress-modern atr-animated\" style=\"--primary-color: #e2e8f0; --secondary-color: #e1e8f08c; --accent-color: #b72122; --progress: 0%;\">\n        <div class=\"atr-card\">\n                        <div class=\"atr-image-container\">\n                <img decoding=\"async\" src=\"https:\/\/aula-jugendlager.ch\/main\/wp-content\/uploads\/sites\/8\/2025\/06\/IMG_3092-scaled.jpg\" \n                     alt=\"Team Adrien Hefti\"\n                     class=\"atr-team-image\">\n                            <\/div>\n                        \n            <div class=\"atr-content\">\n                <div class=\"atr-header\">\n                    <h3 class=\"atr-title\">Team Adrien Hefti<\/h3>\n                                        <p class=\"atr-subtitle\">Certificat First Aid niveau 3 IVR* Bivouac et sport Mise en place et exploitation du poste de secours sanitaire... Chargement des patients dans l'h\u00e9licopt\u00e8re SuperPuma - \u00e0 partir de 16 ans selon Team 3.<\/p>\n                                    <\/div>\n                \n                                \n                                \n                                \n                                <div class=\"atr-actions\">\n                    <a href=\"https:\/\/aula-jugendlager.ch\/main\/fr\/team-hefti\/\" \n                       class=\"atr-button atr-button-primary\"\n                       >\n                        Informations compl\u00e9mentaires                        <svg class=\"atr-button-icon\" width=\"16\" height=\"16\" viewbox=\"0 0 16 16\" fill=\"none\">\n                            <path d=\"M6 12L10 8L6 4\" stroke=\"currentColor\" stroke-width=\"2\" stroke-linecap=\"round\" stroke-linejoin=\"round\"\/>\n                        <\/svg>\n                    <\/a>\n                <\/div>\n                            <\/div>\n        <\/div>\n    <\/div>\n    \n\n    <div class=\"atr-team-block atr-image-left atr-card-elevated atr-progress-modern atr-animated\" style=\"--primary-color: #e2e8f0; --secondary-color: #e1e8f08c; --accent-color: #e47e2b; --progress: 0%;\">\n        <div class=\"atr-card\">\n                        <div class=\"atr-image-container\">\n                <img decoding=\"async\" src=\"https:\/\/aula-jugendlager.ch\/main\/wp-content\/uploads\/sites\/8\/2025\/06\/IMG_9812-scaled.jpg\" \n                     alt=\"Team B\u00e4chtold\"\n                     class=\"atr-team-image\">\n                            <\/div>\n                        \n            <div class=\"atr-content\">\n                <div class=\"atr-header\">\n                    <h3 class=\"atr-title\">Team B\u00e4chtold<\/h3>\n                                        <p class=\"atr-subtitle\">Team B\u00e4chtold forme des secouristes tactiques SMSV niveau 3 \u2013 avec r\u00e9animation, bivouac, exercice avec ambulance et char ; participation \u00e0 partir de 17 ans selon Team Huber-Hotz et Adrien Hefti.<\/p>\n                                    <\/div>\n                \n                                \n                                \n                                \n                                <div class=\"atr-actions\">\n                    <a href=\"https:\/\/aula-jugendlager.ch\/main\/fr\/team-baechtold\/\" \n                       class=\"atr-button atr-button-primary\"\n                       >\n                        Informations compl\u00e9mentaires                        <svg class=\"atr-button-icon\" width=\"16\" height=\"16\" viewbox=\"0 0 16 16\" fill=\"none\">\n                            <path d=\"M6 12L10 8L6 4\" stroke=\"currentColor\" stroke-width=\"2\" stroke-linecap=\"round\" stroke-linejoin=\"round\"\/>\n                        <\/svg>\n                    <\/a>\n                <\/div>\n                            <\/div>\n        <\/div>\n    <\/div>","protected":false},"excerpt":{"rendered":"","protected":false},"author":1,"featured_media":0,"parent":0,"menu_order":0,"comment_status":"closed","ping_status":"closed","template":"","meta":{"footnotes":""},"class_list":["post-25","page","type-page","status-publish","hentry"],"_links":{"self":[{"href":"https:\/\/aula-jugendlager.ch\/main\/fr\/wp-json\/wp\/v2\/pages\/25","targetHints":{"allow":["GET"]}}],"collection":[{"href":"https:\/\/aula-jugendlager.ch\/main\/fr\/wp-json\/wp\/v2\/pages"}],"about":[{"href":"https:\/\/aula-jugendlager.ch\/main\/fr\/wp-json\/wp\/v2\/types\/page"}],"author":[{"embeddable":true,"href":"https:\/\/aula-jugendlager.ch\/main\/fr\/wp-json\/wp\/v2\/users\/1"}],"replies":[{"embeddable":true,"href":"https:\/\/aula-jugendlager.ch\/main\/fr\/wp-json\/wp\/v2\/comments?post=25"}],"version-history":[{"count":58,"href":"https:\/\/aula-jugendlager.ch\/main\/fr\/wp-json\/wp\/v2\/pages\/25\/revisions"}],"predecessor-version":[{"id":6054,"href":"https:\/\/aula-jugendlager.ch\/main\/fr\/wp-json\/wp\/v2\/pages\/25\/revisions\/6054"}],"wp:attachment":[{"href":"https:\/\/aula-jugendlager.ch\/main\/fr\/wp-json\/wp\/v2\/media?parent=25"}],"curies":[{"name":"wp","href":"https:\/\/api.w.org\/{rel}","templated":true}]}}