{"id":23,"date":"2022-07-15T12:44:46","date_gmt":"2022-07-15T10:44:46","guid":{"rendered":"https:\/\/aula-testing.ch\/?page_id=23"},"modified":"2026-01-29T18:15:52","modified_gmt":"2026-01-29T17:15:52","slug":"das-lager","status":"publish","type":"page","link":"https:\/\/aula-jugendlager.ch\/main\/fr\/das-lager\/","title":{"rendered":"Le camp"},"content":{"rendered":"<p>Le <strong>AULA<\/strong> est un produit unique <strong>Camp d'entra\u00eenement pour les jeunes<\/strong>, au cours duquel les bases de la <strong>Premiers secours<\/strong> \u00eatre enseign\u00e9es. En fonction des connaissances pr\u00e9alables, il existe <strong>cinq niveaux de performance diff\u00e9rents<\/strong> au choix.<\/p>\n\n\n\n<blockquote class=\"wp-block-quote is-layout-flow wp-block-quote-is-layout-flow\">\n<p>Chaque ann\u00e9e, environ <strong>330 jeunes \u00e2g\u00e9s de 13 \u00e0 22 ans<\/strong> de toute la Suisse.<br>Ils sont soutenus par environ <strong>100 b\u00e9n\u00e9voles<\/strong>, dont beaucoup travaillent dans le secteur de la sant\u00e9 ou dans des organisations d'urgence.<\/p>\n<\/blockquote>\n\n\n\n<hr class=\"wp-block-separator has-alpha-channel-opacity\"\/>\n\n\n\n<h3 class=\"wp-block-heading\">Qu'est-ce qui rend l'AULA si sp\u00e9cial ?<\/h3>\n\n\n\n<p>Nous ne le savons pas exactement nous-m\u00eames \u2013 peut-\u00eatre est-ce...<\/p>\n\n\n\n<ul class=\"wp-block-list\">\n<li>\u2026 que nous <strong>attendre beaucoup des jeunes<\/strong>, mais <strong>donner autant de soi-m\u00eame<\/strong>?<\/li>\n\n\n\n<li>\u2026 que nous <strong>des r\u00e8gles et des structures claires<\/strong> mais malgr\u00e9 tout <strong>les jeunes sont au centre de l'attention<\/strong>?<\/li>\n\n\n\n<li>\u2026 que de nombreux b\u00e9n\u00e9voles \u00e0 <strong>uniforme militaire<\/strong> appara\u00eetre, mais <strong>Toujours ouvert \u00e0 la discussion, au plaisir et \u00e0 la convivialit\u00e9<\/strong> sont ?<\/li>\n\n\n\n<li>\u2026 que nous <strong>7 Principes fondamentaux de la Croix-Rouge suisse<\/strong> vivre activement et cr\u00e9er un climat de <strong>estime mutuelle<\/strong> entretenir ?<\/li>\n<\/ul>\n\n\n\n<p><strong>D\u00e9couvrez l'AULA et voyez ce qui le rend si sp\u00e9cial pour vous.<\/strong><\/p>\n\n\n\n<hr class=\"wp-block-separator has-alpha-channel-opacity\"\/>\n\n\n\n<h3 class=\"wp-block-heading\">Informations sur le camp<\/h3>\n\n\n\n<h4 class=\"wp-block-heading\">dur\u00e9e<\/h4>\n\n\n\n<p><strong>Team Dunant, M\u00f6ckli et Guisan 1-2 :<\/strong> du samedi 18 juillet au samedi 25 juillet 2026<strong><br>Team Huber-Hotz, Guisan 3, Adrien Hefti et B\u00e4chtold : <\/strong>Du vendredi 17 juillet au samedi 25 juillet 2026<\/p>\n\n\n\n<h4 class=\"wp-block-heading\">H\u00e9bergement et restauration<\/h4>\n\n\n\n<p>Quartier militaire de l'arm\u00e9e suisse. Restauration compl\u00e8te, adapt\u00e9e aux besoins des<br>Les v\u00e9g\u00e9tariens et les personnes allergiques sont pris en compte dans la mesure du possible.<\/p>\n\n\n\n<h4 class=\"wp-block-heading\">Co\u00fbts et groupe cible<\/h4>\n\n\n\n<p>Les frais d'h\u00e9bergement et de repas, y compris le mat\u00e9riel p\u00e9dagogique, s'\u00e9l\u00e8vent \u00e0 230.00 CHF<br>Les jeunes Suisses \u00e2g\u00e9s de 13 \u00e0 22 ans peuvent participer.<\/p>\n\n\n\n<h4 class=\"wp-block-heading\">assurance<\/h4>\n\n\n\n<p>Cela rel\u00e8ve de la responsabilit\u00e9 des participants ou de leurs parents.<\/p>\n\n\n\n<h4 class=\"wp-block-heading\">Arriv\u00e9e<\/h4>\n\n\n\n<p>D\u00e9placement individuel jusqu'\u00e0 diff\u00e9rents points de rassemblement. Tu y seras pris en charge ou ramen\u00e9.<\/p>\n\n\n\n<h4 class=\"wp-block-heading\">jour de visite<\/h4>\n\n\n\n<p>Les parents, les proches et les amis peuvent <a href=\"https:\/\/aula-jugendlager.ch\/main\/fr\/Besuchstag\/\">ici<\/a> pour la journ\u00e9e de visite.<\/p>\n\n\n\n<hr class=\"wp-block-separator has-alpha-channel-opacity\"\/>\n\n\n\n<div class=\"wp-block-buttons is-layout-flex wp-block-buttons-is-layout-flex\">\n<div class=\"wp-block-button\"><a class=\"wp-block-button__link wp-element-button\" href=\"https:\/\/aula-jugendlager.ch\/main\/fr\/anmeldung\/\"><strong>Inscris-toi d\u00e8s maintenant et participe !<\/strong><\/a><\/div>\n<\/div>\n\n\n\n<hr class=\"wp-block-separator has-alpha-channel-opacity\"\/>\n\n\n\n<h3 class=\"wp-block-heading\">\ud83d\udce2 Participe et fais de la publicit\u00e9 !<\/h3>\n\n\n\n<p>Parlez de l'AULA \u00e0 vos amis \u2013<br><strong>Flyers et affiches<\/strong> tu peux commander chez nous.<\/p>\n\n\n\n<hr class=\"wp-block-separator has-alpha-channel-opacity\"\/>\n\n\n\n<h4 class=\"wp-block-heading\">Contact &amp; informations<\/h4>\n\n\n\n<p>Madame Maria Walter<br>42, rue Brunnenwiesenstrasse<br>8610 Uster<br>T\u00e9l. 044 940 12 21<br><a>info@aula-jugendlager.ch<\/a><\/p>\n\n\n\n<hr class=\"wp-block-separator has-alpha-channel-opacity\"\/>\n\n\n\n<p>\ud83d\udc49 <strong>Tu recevras toutes les informations compl\u00e9mentaires apr\u00e8s ton inscription.<\/strong><\/p>","protected":false},"excerpt":{"rendered":"<p>Das AULA ist ein einzigartiges Ausbildungslager f\u00fcr Jugendliche, in dem w\u00e4hrend sieben Tagen die Grundlagen der Ersten Hilfe vermittelt werden. Je nach Vorwissen stehen dabei f\u00fcnf verschiedene Leistungsniveaus zur Auswahl. Jedes Jahr nehmen rund 330 Jugendliche im Alter von 13 bis 22 Jahren aus der ganzen Schweiz teil.Unterst\u00fctzt werden sie von rund 100 freiwilligen Helferinnen [&hellip;]<\/p>","protected":false},"author":1,"featured_media":0,"parent":0,"menu_order":2,"comment_status":"closed","ping_status":"closed","template":"","meta":{"footnotes":""},"class_list":["post-23","page","type-page","status-publish","hentry"],"_links":{"self":[{"href":"https:\/\/aula-jugendlager.ch\/main\/fr\/wp-json\/wp\/v2\/pages\/23","targetHints":{"allow":["GET"]}}],"collection":[{"href":"https:\/\/aula-jugendlager.ch\/main\/fr\/wp-json\/wp\/v2\/pages"}],"about":[{"href":"https:\/\/aula-jugendlager.ch\/main\/fr\/wp-json\/wp\/v2\/types\/page"}],"author":[{"embeddable":true,"href":"https:\/\/aula-jugendlager.ch\/main\/fr\/wp-json\/wp\/v2\/users\/1"}],"replies":[{"embeddable":true,"href":"https:\/\/aula-jugendlager.ch\/main\/fr\/wp-json\/wp\/v2\/comments?post=23"}],"version-history":[{"count":15,"href":"https:\/\/aula-jugendlager.ch\/main\/fr\/wp-json\/wp\/v2\/pages\/23\/revisions"}],"predecessor-version":[{"id":6081,"href":"https:\/\/aula-jugendlager.ch\/main\/fr\/wp-json\/wp\/v2\/pages\/23\/revisions\/6081"}],"wp:attachment":[{"href":"https:\/\/aula-jugendlager.ch\/main\/fr\/wp-json\/wp\/v2\/media?parent=23"}],"curies":[{"name":"wp","href":"https:\/\/api.w.org\/{rel}","templated":true}]}}